{"id":228,"date":"2019-06-12T07:44:45","date_gmt":"2019-06-12T07:44:45","guid":{"rendered":"https:\/\/themes.getmotopress.com\/luviana\/?page_id=228"},"modified":"2022-07-19T15:12:23","modified_gmt":"2022-07-19T12:12:23","slug":"about-luviana","status":"publish","type":"page","link":"https:\/\/www.vilalaurasovata.ro\/wp\/about-luviana\/","title":{"rendered":"Despre Vila Laura 1 si 2"},"content":{"rendered":"\n<div class=\"wp-block-getwid-section alignfull alignfull getwid-margin-top-none getwid-margin-bottom-none\"><div class=\"wp-block-getwid-section__wrapper getwid-padding-top-none getwid-padding-bottom-none getwid-padding-left-medium getwid-padding-right-medium getwid-padding-mobile-left-small getwid-padding-mobile-right-small\"><div class=\"wp-block-getwid-section__inner-wrapper\"><div class=\"wp-block-getwid-section__background-holder\"><div class=\"wp-block-getwid-section__background\"><\/div><div class=\"wp-block-getwid-section__foreground\"><\/div><\/div><div class=\"wp-block-getwid-section__content\"><div class=\"wp-block-getwid-section__inner-content\">\n<div class=\"wp-block-columns has-2-columns is-layout-flex wp-container-core-columns-is-layout-9d6595d7 wp-block-columns-is-layout-flex\">\n<div class=\"wp-block-column is-layout-flow wp-block-column-is-layout-flow\">\n<div class=\"wp-block-getwid-advanced-heading is-style-style-1 has-custom-font-size\" style=\"font-size:12px;margin-bottom:0px\"><p class=\"wp-block-getwid-advanced-heading__content\" style=\"letter-spacing:0.1em\">COMFORT SI CALITATE<\/p><\/div>\n\n\n\n<div class=\"wp-block-getwid-advanced-heading is-style-default\" style=\"margin-top:10px\"><h2 class=\"wp-block-getwid-advanced-heading__content\">Bun venit la Vila Laura 1 si 2<\/h2><\/div>\n<\/div>\n\n\n\n<div class=\"wp-block-column is-layout-flow wp-block-column-is-layout-flow\">\n<p><strong>Vila Laura 1&nbsp;<\/strong>si&nbsp;<strong>Vila Laura 2<\/strong>&nbsp;sunt o afacere de familie. Am creat aceste caz\u0103ri \u00een Sovata, care a\u0219teapt\u0103 s\u0103 fie explorate, p\u00e2na c\u00e2nd devin parte din povestea fiec\u0103rui oaspete. Situate \u00eentr-o zon\u0103 lini\u0219tit\u0103, vilele noastre \u00eembina istoria local\u0103 \u0219i atitudinea inovatoare. De la arhitectura cu iz istoric, la primirea c\u0103lduroasa tipic ardeleneasc\u0103, punem accentul pe confort si experien\u021be memorabile petrecute la sta\u021biunea Sovata.<\/p>\n\n\n\n<p>Oferim tuturor oaspe\u021bilor s\u0103i, cazare si servicii de calitate la pre\u021buri avantajoase, pentru c\u0103 asta ne dorim cu to\u021bii. Vila Laura 1 si 2 v\u0103 a\u0219teapt\u0103 cu un confort des\u0103v\u00e2r\u0219it. Indiferent de anotimpul ales, vilele au farmecul lor aparte, fiind amplasate \u00eentr-o zon\u0103 lini\u0219tit\u0103 si pl\u0103cut\u0103 a sta\u021biunii Sovata renumit\u0103 pentru zona unica balnear\u0103 din lume cu lacurile sale unice de ap\u0103 s\u0103rat\u0103 prezent\u00e2nd fenomenul de heliotermie.<\/p>\n\n\n\n<p><\/p>\n<\/div>\n<\/div>\n<\/div><\/div><\/div><\/div><\/div>\n\n\n\n<div class=\"wp-block-getwid-section alignfull alignfull getwid-margin-top-none getwid-margin-bottom-none\"><div class=\"wp-block-getwid-section__wrapper getwid-padding-top-normal getwid-padding-bottom-normal getwid-padding-left-medium getwid-padding-right-medium getwid-padding-mobile-left-small getwid-padding-mobile-right-small\"><div class=\"wp-block-getwid-section__inner-wrapper\"><div class=\"wp-block-getwid-section__background-holder\"><div class=\"wp-block-getwid-section__background\"><\/div><div class=\"wp-block-getwid-section__foreground\"><\/div><\/div><div class=\"wp-block-getwid-section__content\"><div class=\"wp-block-getwid-section__inner-content\">\n<div class=\"wp-block-columns has-2-columns is-layout-flex wp-container-core-columns-is-layout-9d6595d7 wp-block-columns-is-layout-flex\">\n<div class=\"wp-block-column is-layout-flow wp-block-column-is-layout-flow\">\n<figure class=\"wp-block-image size-large\"><img loading=\"lazy\" decoding=\"async\" width=\"1024\" height=\"768\" src=\"https:\/\/www.vilalaurasovata.ro\/wp\/wp-content\/uploads\/2021\/12\/20210627_104216-1024x768.jpg\" alt=\"Vila Laura 1\" class=\"wp-image-1487\" srcset=\"https:\/\/www.vilalaurasovata.ro\/wp\/wp-content\/uploads\/2021\/12\/20210627_104216-1024x768.jpg 1024w, https:\/\/www.vilalaurasovata.ro\/wp\/wp-content\/uploads\/2021\/12\/20210627_104216-300x225.jpg 300w, https:\/\/www.vilalaurasovata.ro\/wp\/wp-content\/uploads\/2021\/12\/20210627_104216-768x576.jpg 768w, https:\/\/www.vilalaurasovata.ro\/wp\/wp-content\/uploads\/2021\/12\/20210627_104216-1536x1152.jpg 1536w, https:\/\/www.vilalaurasovata.ro\/wp\/wp-content\/uploads\/2021\/12\/20210627_104216-2048x1536.jpg 2048w, https:\/\/www.vilalaurasovata.ro\/wp\/wp-content\/uploads\/2021\/12\/20210627_104216-1170x878.jpg 1170w\" sizes=\"auto, (max-width: 1024px) 100vw, 1024px\" \/><\/figure>\n<\/div>\n\n\n\n<div class=\"wp-block-column is-layout-flow wp-block-column-is-layout-flow\">\n<figure class=\"wp-block-image size-large is-resized\"><img loading=\"lazy\" decoding=\"async\" src=\"https:\/\/www.vilalaurasovata.ro\/wp\/wp-content\/uploads\/2021\/12\/FB_IMG_1613754830595-1024x699.jpg\" alt=\"\" class=\"wp-image-1495\" width=\"629\" height=\"429\" srcset=\"https:\/\/www.vilalaurasovata.ro\/wp\/wp-content\/uploads\/2021\/12\/FB_IMG_1613754830595-1024x699.jpg 1024w, https:\/\/www.vilalaurasovata.ro\/wp\/wp-content\/uploads\/2021\/12\/FB_IMG_1613754830595-300x205.jpg 300w, https:\/\/www.vilalaurasovata.ro\/wp\/wp-content\/uploads\/2021\/12\/FB_IMG_1613754830595-768x524.jpg 768w, https:\/\/www.vilalaurasovata.ro\/wp\/wp-content\/uploads\/2021\/12\/FB_IMG_1613754830595.jpg 1080w\" sizes=\"auto, (max-width: 629px) 100vw, 629px\" \/><\/figure>\n<\/div>\n<\/div>\n<\/div><\/div><\/div><\/div><\/div>\n\n\n\n<div class=\"wp-block-getwid-section alignfull alignfull getwid-margin-top-none getwid-margin-bottom-none\"><div class=\"wp-block-getwid-section__wrapper getwid-padding-top-none getwid-padding-bottom-none getwid-padding-left-medium getwid-padding-right-medium getwid-padding-mobile-left-small getwid-padding-mobile-right-small\"><div class=\"wp-block-getwid-section__inner-wrapper\"><div class=\"wp-block-getwid-section__background-holder\"><div class=\"wp-block-getwid-section__background\"><\/div><div class=\"wp-block-getwid-section__foreground\"><\/div><\/div><div class=\"wp-block-getwid-section__content\"><div class=\"wp-block-getwid-section__inner-content\">\n<div class=\"wp-block-columns has-2-columns is-layout-flex wp-container-core-columns-is-layout-9d6595d7 wp-block-columns-is-layout-flex\">\n<div class=\"wp-block-column is-layout-flow wp-block-column-is-layout-flow\">\n<div class=\"wp-block-getwid-advanced-heading is-style-style-1 has-custom-font-size\" style=\"font-size:12px;margin-bottom:0px\"><p class=\"wp-block-getwid-advanced-heading__content\" style=\"letter-spacing:0.1em\">DESCOPERITI MAGIA NOASTRA<\/p><\/div>\n\n\n\n<div class=\"wp-block-getwid-advanced-heading is-style-default\" style=\"margin-top:10px\"><h2 class=\"wp-block-getwid-advanced-heading__content\">Camere &amp; Suite<\/h2><\/div>\n<\/div>\n\n\n\n<div class=\"wp-block-column is-layout-flow wp-block-column-is-layout-flow\">\n<p>Toate camerele vilei sunt confortabile, luminoase si au o priveli\u0219te minunata, plina de verdea\u021ba si aer curat<\/p>\n\n\n\n<p>Oferta noastr\u0103 de cazare este versatila: acela\u0219i standard de confort, cu facilita\u021bi diverse, care satisfac nevoile fiec\u0103rui oaspete.<\/p>\n\n\n\n<p>Proaspete si primitoare, cu texturi bogate si culori calde, camerele noastre sunt perfecte pentru o escapada in scop de relaxare sau odihna dup\u0103 o baie in apele s\u0103rate ale lacului Ursu, Sovata.<\/p>\n<\/div>\n<\/div>\n<\/div><\/div><\/div><\/div><\/div>\n","protected":false},"excerpt":{"rendered":"","protected":false},"author":1,"featured_media":1601,"parent":0,"menu_order":0,"comment_status":"closed","ping_status":"closed","template":"","meta":{"inline_featured_image":false,"footnotes":""},"class_list":["post-228","page","type-page","status-publish","has-post-thumbnail","hentry"],"_links":{"self":[{"href":"https:\/\/www.vilalaurasovata.ro\/wp\/wp-json\/wp\/v2\/pages\/228","targetHints":{"allow":["GET"]}}],"collection":[{"href":"https:\/\/www.vilalaurasovata.ro\/wp\/wp-json\/wp\/v2\/pages"}],"about":[{"href":"https:\/\/www.vilalaurasovata.ro\/wp\/wp-json\/wp\/v2\/types\/page"}],"author":[{"embeddable":true,"href":"https:\/\/www.vilalaurasovata.ro\/wp\/wp-json\/wp\/v2\/users\/1"}],"replies":[{"embeddable":true,"href":"https:\/\/www.vilalaurasovata.ro\/wp\/wp-json\/wp\/v2\/comments?post=228"}],"version-history":[{"count":7,"href":"https:\/\/www.vilalaurasovata.ro\/wp\/wp-json\/wp\/v2\/pages\/228\/revisions"}],"predecessor-version":[{"id":1756,"href":"https:\/\/www.vilalaurasovata.ro\/wp\/wp-json\/wp\/v2\/pages\/228\/revisions\/1756"}],"wp:featuredmedia":[{"embeddable":true,"href":"https:\/\/www.vilalaurasovata.ro\/wp\/wp-json\/wp\/v2\/media\/1601"}],"wp:attachment":[{"href":"https:\/\/www.vilalaurasovata.ro\/wp\/wp-json\/wp\/v2\/media?parent=228"}],"curies":[{"name":"wp","href":"https:\/\/api.w.org\/{rel}","templated":true}]}}